{"id":728,"date":"2025-12-02T05:55:36","date_gmt":"2025-12-02T04:55:36","guid":{"rendered":"https:\/\/www.casabarbara.com\/?page_id=728"},"modified":"2026-04-23T11:21:05","modified_gmt":"2026-04-23T09:21:05","slug":"ontdekken","status":"publish","type":"page","link":"https:\/\/www.casabarbara.com\/nl\/decouvrir\/","title":{"rendered":"ONTDEK"},"content":{"rendered":"\n<div class=\"wp-block-uagb-container uagb-block-58ae5b7a alignfull uagb-is-root-container\">\n<div class=\"wp-block-uagb-advanced-heading uagb-block-4a8c7d60\"><h1 class=\"uagb-heading-text\">NICE ET SES ALENTOURS<\/h1><\/div>\n<\/div>\n\n\n\n<div class=\"wp-block-uagb-container uagb-block-efc001dd alignfull uagb-is-root-container\"><div class=\"uagb-container-inner-blocks-wrap\">\n<div class=\"wp-block-uagb-container relative uagb-block-fede4017 default uagb-is-root-container\">\n<div class=\"wp-block-uagb-advanced-heading uagb-block-e8c9cec0\"><h2 class=\"uagb-heading-text\">D\u00e9COUVREZ NICE<\/h2><\/div>\n\n\n\n<p class=\"has-text-align-center\" style=\"margin-bottom:0px\">Avec ses&nbsp;<strong>300 jours de soleil par an<\/strong>, la&nbsp;<strong>mer \u00e0 quelques minutes<\/strong>&nbsp;et la<strong>&nbsp;<\/strong>vieille ville accessible en seulement<strong> huit minutes en tramway<\/strong>, qui s\u2019arr\u00eate&nbsp;devant notre porte,&nbsp;Nice&nbsp;offre un&nbsp;<strong>cadre de vie exceptionnel<\/strong>&nbsp;pour&nbsp;savourer pleinement chaque journ\u00e9e.<\/p>\n\n\n\n<p class=\"has-text-align-center\" style=\"margin-bottom:0px\"><strong>Mus\u00e9es<\/strong>,&nbsp;<strong>march\u00e9s<\/strong>,&nbsp;<strong>promenades<\/strong>,&nbsp;<strong>restaurants<\/strong>,&nbsp;<strong>jardins<\/strong><br><strong>Nice<\/strong>&nbsp;est une&nbsp;<strong>ville douce, culturelle et facile \u00e0 vivre<\/strong>, id\u00e9ale pour les&nbsp;seniors amoureux de la vie&nbsp;qui aiment&nbsp;<strong>sortir<\/strong>,&nbsp;<strong>d\u00e9couvrir<\/strong>&nbsp;et&nbsp;<strong>fl\u00e2ner<\/strong>.<\/p>\n<\/div>\n\n\n\n<div class=\"wp-block-uagb-container weather-bloc fw-u uagb-block-87e020b2 default uagb-is-root-container\">\n<div class=\"wp-block-uagb-container weather-bloc fw-u uagb-block-3b344125 default uagb-is-root-container\"><div class=\"weather-widget weather_widget_wrap\" \n                data-text-color=\"#000000\" \n                data-background=\"linear-gradient(to left,#d3dfff,#fbfcff)\" \n                data-width=\"100\" \n                data-days=\"3\" \n                data-sunrise=\"\" \n                data-wind=\"\" \n                data-current=\"on\" \n                data-language=\"english\" \n                data-city=\"Nice\" \n                data-country=\"France\" \n                data-unit=\"C\">\n                <div class=\"weather_widget_placeholder\"><\/div>\n                <div style=\"font-size: 14px;text-align: center;padding-top: 6px;padding-bottom: 4px;background: rgba(0,0,0,0.03);\">\n                    Data from <a target=\"_blank\" href=\"https:\/\/www.weather25.com\" rel=\"noopener\">Weather25<\/a>\n                <\/div>\n            <\/div>\n<\/div>\n<\/div>\n<\/div><\/div>\n\n\n\n<div class=\"wp-block-uagb-container uagb-block-ab14f56f alignfull uagb-is-root-container\">\n<div class=\"wp-block-uagb-container left-explorer-bloc uagb-block-e3718e72 alignfull uagb-is-root-container\">\n<div class=\"wp-block-uagb-image aligncenter uagb-block-9cae3723 wp-block-uagb-image--layout-default wp-block-uagb-image--effect-static wp-block-uagb-image--align-center image-add-height\"><figure class=\"wp-block-uagb-image__figure\"><img decoding=\"async\" srcset=\"https:\/\/www.casabarbara.com\/wp-content\/uploads\/2026\/01\/L1151826-scaled.jpg ,https:\/\/www.casabarbara.com\/wp-content\/uploads\/2026\/01\/L1151826-scaled.jpg 780w, https:\/\/www.casabarbara.com\/wp-content\/uploads\/2026\/01\/L1151826-scaled.jpg 360w\" sizes=\"auto, (max-width: 480px) 150px\" src=\"https:\/\/www.casabarbara.com\/wp-content\/uploads\/2026\/01\/L1151826-scaled.jpg\" alt=\"Un homme et une femme d'un certain \u00e2ge, tous deux portant des casquettes roses avec le logo 'Casa Bart' et des lunettes de soleil, posent bras dessus bras dessous devant une porte rose. L'homme porte un t-shirt noir et la femme une chemise beige. Ils regardent vers la gauche. La sc\u00e8ne se d\u00e9roule au coucher du soleil.\" class=\"uag-image-1818\" width=\"2560\" height=\"1704\" title=\"Un homme et une femme d'un certain \u00e2ge, tous deux portant des casquettes roses avec le logo 'Casa Bart' et des lunettes de soleil, posent bras dessus bras dessous devant une porte rose. L'homme porte un t-shirt noir et la femme une chemise beige. Ils regardent vers la gauche. La sc\u00e8ne se d\u00e9roule au coucher du soleil.\" loading=\"lazy\" role=\"img\"\/><\/figure><\/div>\n<\/div>\n\n\n\n<div class=\"wp-block-uagb-container right-explorer-bloc uagb-block-952ed770 alignfull uagb-is-root-container\">\n<div class=\"wp-block-uagb-container has-height-explore uagb-block-460fc970\">\n<div class=\"wp-block-uagb-container uagb-block-4b2799d5\">\n<div class=\"wp-block-uagb-advanced-heading uagb-block-9ba22d37\"><h3 class=\"uagb-heading-text\">Explorez Nice en une journ\u00e9e <\/h3><\/div>\n\n\n\n<p style=\"margin-top:15px;margin-bottom:15px\">Le&nbsp;<strong>French Riviera Pass&nbsp;24 h<\/strong>&nbsp;est la&nbsp;solution la plus simple&nbsp;pour&nbsp;<strong>visiter&nbsp;Nice&nbsp;en une journ\u00e9e<\/strong>.<\/p>\n\n\n\n<p style=\"margin-top:0px;margin-bottom:0px\">Il donne acc\u00e8s \u00e0&nbsp;<strong>plus de 60 activit\u00e9s<\/strong>,&nbsp;mus\u00e9es,&nbsp;visites guid\u00e9es&nbsp;et&nbsp;r\u00e9ductions&nbsp;sur toute la&nbsp;C\u00f4te d\u2019Azur.<\/p>\n\n\n\n<p style=\"margin-top:15px;margin-bottom:15px\">\u2022&nbsp;<strong>Entr\u00e9es gratuites<\/strong>&nbsp;dans les principaux&nbsp;<strong>mus\u00e9es de Nice<\/strong><br>\u2022&nbsp;<strong>Bus panoramique<\/strong>, pour d\u00e9couvrir la ville&nbsp;<strong>sans effort<\/strong><br>\u2022&nbsp;<strong>Acc\u00e8s \u00e0 des visites, jardins, monuments et activit\u00e9s incontournables<\/strong><br>\u2022&nbsp;<strong>Un seul pass<\/strong>&nbsp;pour&nbsp;<strong>toute la journ\u00e9e<\/strong><\/p>\n\n\n\n<p style=\"margin-top:0px;margin-bottom:0px\">Une mani\u00e8re&nbsp;<strong>confortable<\/strong>,&nbsp;<strong>\u00e9conomique<\/strong>&nbsp;et&nbsp;<strong>accessible<\/strong>&nbsp;de&nbsp;<strong>d\u00e9couvrir Nice \u00e0 son rythme<\/strong>, sans&nbsp;organisation compliqu\u00e9e.<\/p>\n\n\n\n<p style=\"margin-top:15px;margin-bottom:0px\">Rendez-vous \u00e0&nbsp;l\u2019accueil&nbsp;pour acheter votre&nbsp;<strong>French Riviera Pass<\/strong>&nbsp;et commencer \u00e0&nbsp;<strong>explorer Nice en toute libert\u00e9<\/strong>.<\/p>\n<\/div>\n<\/div>\n\n\n\n<div class=\"wp-block-columns is-layout-flex wp-container-core-columns-is-layout-067d53be wp-block-columns-is-layout-flex\" style=\"margin-top:0px;margin-bottom:0px;padding-top:var(--wp--preset--spacing--20);padding-right:0px;padding-bottom:0px;padding-left:0px\">\n<div class=\"wp-block-column is-layout-flow wp-block-column-is-layout-flow\"><\/div>\n\n\n\n<div class=\"wp-block-column is-layout-flow wp-block-column-is-layout-flow\"><\/div>\n<\/div>\n<\/div>\n<\/div>\n\n\n\n<div class=\"wp-block-uagb-container uagb-block-be881665 alignfull uagb-is-root-container\">\n<div class=\"wp-block-uagb-container order-m-1 uagb-block-39e9bbd4\">\n<div class=\"wp-block-uagb-container uagb-block-78a99c6f default uagb-is-root-container\">\n<div class=\"wp-block-uagb-container uagb-block-c7e6e833\">\n<div class=\"wp-block-uagb-advanced-heading uagb-block-f6089dc4 o-typing-fast o-typing-delay-100ms\"><h2 class=\"uagb-heading-text\"><o-anim-typing>La Promenade des Anglais<\/o-anim-typing><\/h2><\/div>\n<\/div>\n\n\n\n<p>Impossible de visiter&nbsp;Nice&nbsp;sans d\u00e9couvrir la&nbsp;<strong>Promenade des Anglais<\/strong>, l\u2019une des&nbsp;avenues en bord de mer les <strong>plus embl\u00e9matiques d\u2019Europe<\/strong>.<\/p>\n\n\n\n<p>Situ\u00e9e \u00e0 seulement&nbsp;<strong>quelques minutes de&nbsp;Casa Barbara<\/strong>, elle est pris\u00e9e aussi bien des&nbsp;<strong>Ni\u00e7ois<\/strong>&nbsp;que des&nbsp;<strong>visiteurs<\/strong>, pour&nbsp;profiter pleinement de la M\u00e9diterran\u00e9e au quotidien.<\/p>\n\n\n\n<p><strong>Parfaite pour:<\/strong><br>\u2022&nbsp;<strong>Marcher <\/strong>au bord de l\u2019eau<br>\u2022&nbsp;<strong>Nager ou se d\u00e9tendre<\/strong> sur les plages de <strong>Nice<\/strong><br>\u2022&nbsp;<strong>D\u00e9jeuner en terrasse <\/strong>avec vue mer<br>\u2022&nbsp;<strong>Faire du v\u00e9lo ou courir<\/strong>&nbsp;sur la piste am\u00e9nag\u00e9e<br>\u2022&nbsp;<strong>Admirer les plus beaux couchers de soleil<\/strong>&nbsp;de la&nbsp;<strong>C\u00f4te d\u2019Azur<\/strong><\/p>\n\n\n\n<p style=\"margin-top:var(--wp--preset--spacing--30);margin-bottom:0px\">Avec ses&nbsp;<strong>vues spectaculaires sur la&nbsp;Baie des Anges<\/strong>, son&nbsp;acc\u00e8s direct aux <strong>plages<\/strong>, ses&nbsp;<strong>caf\u00e9s<\/strong>&nbsp;et son&nbsp;<strong>atmosph\u00e8re lumineuse<\/strong>, la&nbsp;Promenade des Anglais&nbsp;reste un&nbsp;<strong>lieu incontournable<\/strong>&nbsp;pour&nbsp;<strong>d\u00e9couvrir Nice<\/strong>&nbsp;et&nbsp;savourer tout le charme de la C\u00f4te d\u2019Azur.<\/p>\n<\/div>\n<\/div>\n\n\n\n<div class=\"wp-block-uagb-container order-m-0 uagb-block-e62b3914\">\n<div class=\"wp-block-uagb-image uagb-block-ac89eceb wp-block-uagb-image--layout-default wp-block-uagb-image--effect-static wp-block-uagb-image--align-none animated bounceInRight delay-500ms image-add-height\"><figure class=\"wp-block-uagb-image__figure\"><img decoding=\"async\" srcset=\"https:\/\/www.casabarbara.com\/wp-content\/uploads\/2026\/01\/dreamstime_xxl_57749866-1024x683.jpg ,https:\/\/www.casabarbara.com\/wp-content\/uploads\/2026\/01\/dreamstime_xxl_57749866-scaled.jpg 780w, https:\/\/www.casabarbara.com\/wp-content\/uploads\/2026\/01\/dreamstime_xxl_57749866-scaled.jpg 360w\" sizes=\"auto, (max-width: 480px) 150px\" src=\"https:\/\/www.casabarbara.com\/wp-content\/uploads\/2026\/01\/dreamstime_xxl_57749866-1024x683.jpg\" alt=\"Vue panoramique de la Promenade des Anglais \u00e0 Nice, avec ses palmiers embl\u00e9matiques, la mer M\u00e9diterran\u00e9e bleu azur et des passants sous un ciel radieux.\" class=\"uag-image-1806\" width=\"1024\" height=\"683\" title=\"Vue panoramique de la Promenade des Anglais \u00e0 Nice, avec ses palmiers embl\u00e9matiques, la mer M\u00e9diterran\u00e9e bleu azur et des passants sous un ciel radieux.\" loading=\"lazy\" role=\"img\"\/><\/figure><\/div>\n<\/div>\n<\/div>\n\n\n\n<div class=\"wp-block-uagb-container uagb-block-12f2fe30 alignfull uagb-is-root-container\">\n<div class=\"wp-block-uagb-container uagb-block-58fb7698\">\n<div class=\"wp-block-uagb-image uagb-block-21425d23 wp-block-uagb-image--layout-default wp-block-uagb-image--effect-static wp-block-uagb-image--align-none image-add-height-other\"><figure class=\"wp-block-uagb-image__figure\"><img decoding=\"async\" srcset=\"https:\/\/www.casabarbara.com\/wp-content\/uploads\/2026\/01\/dreamstime_xxl_173193198-scaled.jpg ,https:\/\/www.casabarbara.com\/wp-content\/uploads\/2026\/01\/dreamstime_xxl_173193198-scaled.jpg 780w, https:\/\/www.casabarbara.com\/wp-content\/uploads\/2026\/01\/dreamstime_xxl_173193198-scaled.jpg 360w\" sizes=\"auto, (max-width: 480px) 150px\" src=\"https:\/\/www.casabarbara.com\/wp-content\/uploads\/2026\/01\/dreamstime_xxl_173193198-scaled.jpg\" alt=\"Ruelle \u00e9troite bord\u00e9e d'immeubles aux fa\u00e7ades color\u00e9es dans les tons ocre et rouge avec des volets verts typiques du Vieux-Nice.\" class=\"uag-image-1804\" width=\"2560\" height=\"1613\" title=\"Ruelle \u00e9troite bord\u00e9e d'immeubles aux fa\u00e7ades color\u00e9es dans les tons ocre et rouge avec des volets verts typiques du Vieux-Nice.\" loading=\"lazy\" role=\"img\"\/><\/figure><\/div>\n<\/div>\n\n\n\n<div class=\"wp-block-uagb-container uagb-block-debb0b1c\">\n<div class=\"wp-block-uagb-container uagb-block-5a09e4cd default uagb-is-root-container\">\n<div class=\"wp-block-uagb-advanced-heading uagb-block-5f9614f4\"><h3 class=\"uagb-heading-text\">La Vieille Ville (Vieux-Nice)<\/h3><\/div>\n\n\n\n<p style=\"margin-top:20px;margin-bottom:0px\">Situ\u00e9e au c\u0153ur du&nbsp;<strong>centre historique de&nbsp;Nice<\/strong>, la&nbsp;Vieille Ville&nbsp;est l\u2019un des&nbsp;<strong>quartiers les plus embl\u00e9matiques<\/strong>&nbsp;et les plus&nbsp;visit\u00e9s&nbsp;de la&nbsp;C\u00f4te d\u2019Azur.<\/p>\n\n\n\n<p>Depuis&nbsp;<strong>Casa Barbara<\/strong>, vous pouvez vous y rendre&nbsp;facilement&nbsp;gr\u00e2ce au&nbsp;<strong>tram direct<\/strong>&nbsp;qui part&nbsp;<strong>juste devant notre porte<\/strong>. Un trajet&nbsp;<strong>simple<\/strong>,&nbsp;<strong>rapide<\/strong>&nbsp;et&nbsp;<strong>pratique<\/strong>&nbsp;pour d\u00e9couvrir ce&nbsp;<strong>lieu incontournable de Nice<\/strong>.<\/p>\n\n\n\n<p>La Vieille Ville est id\u00e9ale pour:<br>\u2022&nbsp;<strong>Explorer Nice \u00e0 pied<\/strong>&nbsp;et fl\u00e2ner dans ses&nbsp;<strong>ruelles color\u00e9es<\/strong><br>\u2022&nbsp;<strong>D\u00e9couvrir les boutiques locales<\/strong>, les&nbsp;<strong>artisans<\/strong>&nbsp;et les&nbsp;<strong>galeries<\/strong><br>\u2022&nbsp;<strong>D\u00e9guster les sp\u00e9cialit\u00e9s ni\u00e7oises<\/strong>&nbsp;dans les&nbsp;<strong>caf\u00e9s<\/strong>&nbsp;et&nbsp;<strong>restaurants typiques<\/strong><br>\u2022 Rejoindre en quelques minutes le&nbsp;<strong>Cours Saleya<\/strong>&nbsp;et son&nbsp;<strong>c\u00e9l\u00e8bre march\u00e9<\/strong><br>\u2022&nbsp;<strong>Profiter de l\u2019ambiance m\u00e9diterran\u00e9enne<\/strong>, du&nbsp;<strong>matin jusqu\u2019au soir<\/strong><\/p>\n\n\n\n<p style=\"margin-top:20px;margin-bottom:0px\"><strong>Authentique<\/strong>,&nbsp;<strong>vivante<\/strong>&nbsp;et&nbsp;<strong>pleine de charme<\/strong>, la&nbsp;Vieille Ville&nbsp;est une&nbsp;\u00e9tape essentielle&nbsp;pour qui souhaite&nbsp;<strong>d\u00e9couvrir Nice<\/strong>&nbsp;de fa\u00e7on&nbsp;<strong>simple<\/strong>,&nbsp;<strong>conviviale<\/strong>&nbsp;et&nbsp;<strong>agr\u00e9able<\/strong>.<\/p>\n<\/div>\n<\/div>\n<\/div>\n\n\n\n<div class=\"wp-block-uagb-container uagb-block-b4968b7a alignfull uagb-is-root-container\">\n<div class=\"wp-block-uagb-container order-m-1 uagb-block-f4bd99a2\">\n<div class=\"wp-block-uagb-container uagb-block-ab60120f default uagb-is-root-container\">\n<div class=\"wp-block-uagb-container uagb-block-1487d2a1\">\n<div class=\"wp-block-uagb-advanced-heading uagb-block-e3bbc9dc o-typing-fast o-typing-delay-100ms\"><h3 class=\"uagb-heading-text\">La Colline du Ch\u00e2teau<\/h3><\/div>\n<\/div>\n\n\n\n<p style=\"margin-top:var(--wp--preset--spacing--30);margin-bottom:0px\">Perch\u00e9e au-dessus de la&nbsp;<strong>Baie des Anges<\/strong>, la&nbsp;<strong>Colline du Ch\u00e2teau<\/strong>&nbsp;est un&nbsp;<strong>parc verdoyant<\/strong>&nbsp;offrant l\u2019une des&nbsp;<strong>plus belles vues panoramiques sur&nbsp;Nice<\/strong>.<\/p>\n\n\n\n<p style=\"margin-top:var(--wp--preset--spacing--30);margin-bottom:0px\">Sa&nbsp;<strong>cascade embl\u00e9matique<\/strong>, ses&nbsp;<strong>points de vue spectaculaires sur la M\u00e9diterran\u00e9e<\/strong>&nbsp;et son&nbsp;<strong>atmosph\u00e8re paisible<\/strong>&nbsp;en font un&nbsp;<strong>lieu id\u00e9al<\/strong>&nbsp;pour&nbsp;<strong>d\u00e9couvrir la ville<\/strong>,&nbsp;<strong>faire une pause nature<\/strong>&nbsp;ou simplement&nbsp;<strong>profiter d\u2019un moment de calme<\/strong>, tout en&nbsp;<strong>surplombant Nice<\/strong>.<\/p>\n<\/div>\n<\/div>\n\n\n\n<div class=\"wp-block-uagb-container order-m-0 uagb-block-8d390e6d\">\n<div class=\"wp-block-uagb-image uagb-block-1edfcb7b wp-block-uagb-image--layout-default wp-block-uagb-image--effect-static wp-block-uagb-image--align-none\"><figure class=\"wp-block-uagb-image__figure\"><img decoding=\"async\" srcset=\"https:\/\/www.casabarbara.com\/wp-content\/uploads\/2026\/01\/dreamstime_xxl_135410663-1024x683.jpg ,https:\/\/www.casabarbara.com\/wp-content\/uploads\/2026\/01\/dreamstime_xxl_135410663-scaled.jpg 780w, https:\/\/www.casabarbara.com\/wp-content\/uploads\/2026\/01\/dreamstime_xxl_135410663-scaled.jpg 360w\" sizes=\"auto, (max-width: 480px) 150px\" src=\"https:\/\/www.casabarbara.com\/wp-content\/uploads\/2026\/01\/dreamstime_xxl_135410663-1024x683.jpg\" alt=\"Vue de la cascade de la Colline du Ch\u00e2teau \u00e0 Nice, avec ses chutes d'eau s'\u00e9coulant sur des rochers dans un bassin, entour\u00e9e de verdure et d'une balustrade en pierre sous un ciel clair.\" class=\"uag-image-1783\" width=\"1024\" height=\"683\" title=\"Vue de la cascade de la Colline du Ch\u00e2teau \u00e0 Nice, avec ses chutes d'eau s'\u00e9coulant sur des rochers dans un bassin, entour\u00e9e de verdure et d'une balustrade en pierre sous un ciel clair.\" loading=\"lazy\" role=\"img\"\/><\/figure><\/div>\n<\/div>\n<\/div>\n\n\n\n<div class=\"wp-block-uagb-container uagb-block-39a00761 alignfull uagb-is-root-container\">\n<div class=\"wp-block-uagb-container uagb-block-70a3757f\">\n<div class=\"wp-block-uagb-image uagb-block-552e7099 wp-block-uagb-image--layout-default wp-block-uagb-image--effect-static wp-block-uagb-image--align-none animated jackInTheBox o-anim-hover\"><figure class=\"wp-block-uagb-image__figure\"><img decoding=\"async\" srcset=\"https:\/\/www.casabarbara.com\/wp-content\/uploads\/2026\/01\/dreamstime_xxl_348289927-scaled.jpg ,https:\/\/www.casabarbara.com\/wp-content\/uploads\/2026\/01\/dreamstime_xxl_348289927-scaled.jpg 780w, https:\/\/www.casabarbara.com\/wp-content\/uploads\/2026\/01\/dreamstime_xxl_348289927-scaled.jpg 360w\" sizes=\"auto, (max-width: 480px) 150px\" src=\"https:\/\/www.casabarbara.com\/wp-content\/uploads\/2026\/01\/dreamstime_xxl_348289927-scaled.jpg\" alt=\"Le Mus\u00e9e Matisse\" class=\"uag-image-1785\" width=\"2560\" height=\"1707\" title=\"Le Mus\u00e9e Matisse\" loading=\"lazy\" role=\"img\"\/><\/figure><\/div>\n<\/div>\n\n\n\n<div class=\"wp-block-uagb-container uagb-block-9a1f8798\">\n<div class=\"wp-block-uagb-container uagb-block-40048936 default uagb-is-root-container\">\n<div class=\"wp-block-uagb-container uagb-block-b1850e60\">\n<div class=\"wp-block-uagb-advanced-heading uagb-block-faff4759 o-typing-fast o-typing-delay-100ms\"><h3 class=\"uagb-heading-text\">Le Mus\u00e9e Matisse<\/h3><\/div>\n\n\n\n<p style=\"margin-top:20px;margin-bottom:20px\">Situ\u00e9 au c\u0153ur du&nbsp;<strong>quartier de Cimiez<\/strong>, le&nbsp;<strong>Mus\u00e9e Matisse<\/strong>&nbsp;abrite l\u2019une des&nbsp;<strong>plus belles collections<\/strong>&nbsp;d\u00e9di\u00e9es \u00e0&nbsp;<strong>Henri Matisse<\/strong>.<\/p>\n\n\n\n<p style=\"margin-top:20px;margin-bottom:20px\">C\u2019est le&nbsp;<strong>mus\u00e9e pr\u00e9f\u00e9r\u00e9 de Barbara<\/strong>, un&nbsp;<strong>lieu incontournable<\/strong>&nbsp;pour&nbsp;<strong>d\u00e9couvrir l\u2019art \u00e0&nbsp;Nice<\/strong>, admirer&nbsp;<strong>peintures<\/strong>,&nbsp;<strong>dessins<\/strong>&nbsp;et&nbsp;<strong>sculptures<\/strong>, et&nbsp;<strong>profiter du calme<\/strong>&nbsp;et de la&nbsp;<strong>beaut\u00e9 des jardins de Cimiez<\/strong>.<\/p>\n<\/div>\n<\/div>\n<\/div>\n<\/div>\n\n\n\n<div class=\"wp-block-uagb-container uagb-block-ab559908 alignfull uagb-is-root-container\">\n<div class=\"wp-block-uagb-container order-m-1 uagb-block-9caff5a0\">\n<div class=\"wp-block-uagb-container uagb-block-9e1e165c default uagb-is-root-container\">\n<div class=\"wp-block-uagb-container uagb-block-8d85c776\">\n<div class=\"wp-block-uagb-advanced-heading uagb-block-b76d7276 o-typing-fast o-typing-delay-100ms\"><h3 class=\"uagb-heading-text\">Villefranche-sur-Mer<\/h3><\/div>\n\n\n\n<p style=\"margin-top:20px;margin-bottom:0px\">\u00c0 seulement&nbsp;<strong>quelques minutes de&nbsp;Nice<\/strong>,&nbsp;<strong>Villefranche-sur-Mer<\/strong>&nbsp;offre l\u2019une des&nbsp;<strong>rares plages de sable de la r\u00e9gion<\/strong>, tr\u00e8s appr\u00e9ci\u00e9e des&nbsp;<strong>Ni\u00e7ois<\/strong>&nbsp;en qu\u00eate d\u2019une&nbsp;<strong>parenth\u00e8se loin des galets<\/strong>.<\/p>\n\n\n\n<p>Sa&nbsp;<strong>baie turquoise<\/strong>, son&nbsp;<strong>port color\u00e9<\/strong>&nbsp;et son&nbsp;<strong>village historique<\/strong>&nbsp;en font une&nbsp;<strong>escapade parfaite<\/strong>&nbsp;pour une&nbsp;<strong>journ\u00e9e en bord de mer<\/strong>, un&nbsp;<strong>d\u00e9jeuner au soleil<\/strong>&nbsp;ou une&nbsp;<strong>promenade les pieds dans l\u2019eau<\/strong>.<\/p>\n\n\n\n<p style=\"margin-top:20px;margin-bottom:0px\">Une&nbsp;<strong>plage embl\u00e9matique de la&nbsp;C\u00f4te d\u2019Azur<\/strong>, aussi appr\u00e9ci\u00e9e des&nbsp;<strong>locaux<\/strong>&nbsp;que des&nbsp;<strong>visiteurs<\/strong>.<\/p>\n<\/div>\n<\/div>\n<\/div>\n\n\n\n<div class=\"wp-block-uagb-container order-m-0 uagb-block-e28f5b5f\">\n<div class=\"wp-block-uagb-image uagb-block-79d9e7e5 wp-block-uagb-image--layout-default wp-block-uagb-image--effect-static wp-block-uagb-image--align-none animated jackInTheBox o-anim-hover\"><figure class=\"wp-block-uagb-image__figure\"><img decoding=\"async\" srcset=\"https:\/\/www.casabarbara.com\/wp-content\/uploads\/2026\/01\/dreamstime_xxl_111593080-1024x683.jpg ,https:\/\/www.casabarbara.com\/wp-content\/uploads\/2026\/01\/dreamstime_xxl_111593080-scaled.jpg 780w, https:\/\/www.casabarbara.com\/wp-content\/uploads\/2026\/01\/dreamstime_xxl_111593080-scaled.jpg 360w\" sizes=\"auto, (max-width: 480px) 150px\" src=\"https:\/\/www.casabarbara.com\/wp-content\/uploads\/2026\/01\/dreamstime_xxl_111593080-1024x683.jpg\" alt=\"Villefranche-sur-Mer\" class=\"uag-image-1781\" width=\"1024\" height=\"683\" title=\"Ville franche sur Mer\" loading=\"lazy\" role=\"img\"\/><\/figure><\/div>\n<\/div>\n<\/div>\n\n\n\n<div class=\"wp-block-uagb-container uagb-block-8011a0b6 alignfull uagb-is-root-container\">\n<div class=\"wp-block-uagb-container uagb-block-87b18768\">\n<div class=\"wp-block-uagb-image uagb-block-b8f3f49c wp-block-uagb-image--layout-default wp-block-uagb-image--effect-static wp-block-uagb-image--align-none animated jackInTheBox o-anim-hover\"><figure class=\"wp-block-uagb-image__figure\"><img decoding=\"async\" srcset=\"https:\/\/www.casabarbara.com\/wp-content\/uploads\/2026\/01\/dreamstime_xxl_129414457-1-1024x706.jpg ,https:\/\/www.casabarbara.com\/wp-content\/uploads\/2026\/01\/dreamstime_xxl_129414457-1-scaled.jpg 780w, https:\/\/www.casabarbara.com\/wp-content\/uploads\/2026\/01\/dreamstime_xxl_129414457-1-scaled.jpg 360w\" sizes=\"auto, (max-width: 480px) 150px\" src=\"https:\/\/www.casabarbara.com\/wp-content\/uploads\/2026\/01\/dreamstime_xxl_129414457-1-1024x706.jpg\" alt=\"\u00c8ze Village\" class=\"uag-image-1779\" width=\"1024\" height=\"706\" title=\"\u00c8ze Village\" loading=\"lazy\" role=\"img\"\/><\/figure><\/div>\n<\/div>\n\n\n\n<div class=\"wp-block-uagb-container uagb-block-b07dc077\">\n<div class=\"wp-block-uagb-container uagb-block-f4b4b5db default uagb-is-root-container\">\n<div class=\"wp-block-uagb-container uagb-block-d2ca3812\">\n<div class=\"wp-block-uagb-advanced-heading uagb-block-887d61b6 o-typing-fast o-typing-delay-100ms\"><h3 class=\"uagb-heading-text\">\u00c8ze Village<\/h3><\/div>\n\n\n\n<p style=\"margin-top:20px;margin-bottom:0px\">Perch\u00e9 au-dessus de la&nbsp;<strong>M\u00e9diterran\u00e9e<\/strong>,&nbsp;<strong>\u00c8ze Village<\/strong>&nbsp;est l\u2019un des&nbsp;<strong>plus beaux villages perch\u00e9s<\/strong>&nbsp;de la&nbsp;<strong>C\u00f4te d\u2019Azur<\/strong>.<\/p>\n\n\n\n<p style=\"margin-top:20px;margin-bottom:0px\">\u00c0 seulement&nbsp;<strong>quelques minutes de&nbsp;Nice<\/strong>, ses&nbsp;<strong>ruelles m\u00e9di\u00e9vales<\/strong>, son&nbsp;<strong>Jardin Exotique d\u2019\u00c8ze<\/strong>&nbsp;et ses&nbsp;<strong>panoramas spectaculaires<\/strong>&nbsp;en font une&nbsp;<strong>escapade id\u00e9ale<\/strong>&nbsp;pour&nbsp;<strong>fl\u00e2ner<\/strong>,&nbsp;<strong>d\u00e9couvrir le charme du village<\/strong>&nbsp;et&nbsp;<strong>contempler l\u2019une des plus belles vues de la r\u00e9gion<\/strong>.<\/p>\n<\/div>\n<\/div>\n<\/div>\n<\/div>\n\n\n\n<div class=\"wp-block-uagb-container uagb-block-5976edc2 alignfull uagb-is-root-container\">\n<div class=\"wp-block-uagb-container order-m-1 uagb-block-db8ef132\">\n<div class=\"wp-block-uagb-container uagb-block-d7d63afa default uagb-is-root-container\">\n<div class=\"wp-block-uagb-container uagb-block-27118381\">\n<div class=\"wp-block-uagb-advanced-heading uagb-block-15af98e6 o-typing-fast o-typing-delay-100ms\"><h3 class=\"uagb-heading-text\">Saint-Paul-de-Vence<\/h3><\/div>\n\n\n\n<p style=\"margin-top:20px;margin-bottom:0px\">Perch\u00e9 sur les hauteurs de la&nbsp;<strong>C\u00f4te d\u2019Azur<\/strong>,&nbsp;<strong>Saint-Paul-de-Vence<\/strong>&nbsp;compte parmi les&nbsp;<strong>villages les plus embl\u00e9matiques<\/strong>&nbsp;de la&nbsp;<strong>r\u00e9gion ni\u00e7oise<\/strong>.<\/p>\n\n\n\n<p>Ses&nbsp;<strong>remparts<\/strong>, ses&nbsp;<strong>ruelles pav\u00e9es<\/strong>&nbsp;et ses&nbsp;<strong>nombreuses galeries d\u2019art<\/strong>&nbsp;en font une&nbsp;<strong>\u00e9tape incontournable<\/strong>&nbsp;pour&nbsp;<strong>d\u00e9couvrir l\u2019art moderne<\/strong>&nbsp;et&nbsp;<strong>profiter d\u2019une ambiance unique<\/strong>.<\/p>\n\n\n\n<p style=\"margin-top:20px;margin-bottom:0px\">\u00c0&nbsp;<strong>quelques pas du village<\/strong>, la&nbsp;<strong>Fondation Maeght<\/strong>&nbsp;compl\u00e8te parfaitement la visite. Un&nbsp;<strong>v\u00e9ritable havre<\/strong>&nbsp;pour les&nbsp;<strong>amateurs d\u2019art et de culture<\/strong>.<\/p>\n<\/div>\n<\/div>\n<\/div>\n\n\n\n<div class=\"wp-block-uagb-container order-m-0 uagb-block-f69cc611\">\n<div class=\"wp-block-uagb-image uagb-block-5b057404 wp-block-uagb-image--layout-default wp-block-uagb-image--effect-static wp-block-uagb-image--align-none animated jackInTheBox o-anim-hover\"><figure class=\"wp-block-uagb-image__figure\"><img decoding=\"async\" srcset=\"https:\/\/www.casabarbara.com\/wp-content\/uploads\/2026\/01\/dreamstime_xxl_215497556-1024x683.jpg ,https:\/\/www.casabarbara.com\/wp-content\/uploads\/2026\/01\/dreamstime_xxl_215497556-scaled.jpg 780w, https:\/\/www.casabarbara.com\/wp-content\/uploads\/2026\/01\/dreamstime_xxl_215497556-scaled.jpg 360w\" sizes=\"auto, (max-width: 480px) 150px\" src=\"https:\/\/www.casabarbara.com\/wp-content\/uploads\/2026\/01\/dreamstime_xxl_215497556-1024x683.jpg\" alt=\"Saint-Paul-de-Vence\" class=\"uag-image-1775\" width=\"1024\" height=\"683\" title=\"Saint-Paul-de-Vence\" loading=\"lazy\" role=\"img\"\/><\/figure><\/div>\n<\/div>\n<\/div>\n\n\n\n<div class=\"wp-block-uagb-container uagb-block-07528cd8 alignfull uagb-is-root-container\">\n<div class=\"wp-block-uagb-container uagb-block-bda4c236\">\n<div class=\"wp-block-uagb-image uagb-block-911ffe43 wp-block-uagb-image--layout-default wp-block-uagb-image--effect-static wp-block-uagb-image--align-none animated jackInTheBox o-anim-hover\"><figure class=\"wp-block-uagb-image__figure\"><img decoding=\"async\" srcset=\"https:\/\/www.casabarbara.com\/wp-content\/uploads\/2026\/01\/dreamstime_xxl_47074154-1024x683.jpg ,https:\/\/www.casabarbara.com\/wp-content\/uploads\/2026\/01\/dreamstime_xxl_47074154-scaled.jpg 780w, https:\/\/www.casabarbara.com\/wp-content\/uploads\/2026\/01\/dreamstime_xxl_47074154-scaled.jpg 360w\" sizes=\"auto, (max-width: 480px) 150px\" src=\"https:\/\/www.casabarbara.com\/wp-content\/uploads\/2026\/01\/dreamstime_xxl_47074154-1024x683.jpg\" alt=\"Le Parc du Mercantour\" class=\"uag-image-1789\" width=\"1024\" height=\"683\" title=\"Le Parc du Mercantour\" loading=\"lazy\" role=\"img\"\/><\/figure><\/div>\n<\/div>\n\n\n\n<div class=\"wp-block-uagb-container uagb-block-4abd1dd6\">\n<div class=\"wp-block-uagb-container uagb-block-12d8f1d6 default uagb-is-root-container\">\n<div class=\"wp-block-uagb-container uagb-block-8ecbda4a\">\n<div class=\"wp-block-uagb-advanced-heading uagb-block-ce4bb779 o-typing-fast o-typing-delay-100ms\"><h3 class=\"uagb-heading-text\">Le Parc du Mercantour<\/h3><\/div>\n\n\n\n<p style=\"margin-top:20px;margin-bottom:0px\">\u00c0&nbsp;<strong>moins de deux heures de&nbsp;Nice<\/strong>, le&nbsp;<strong>Parc national du Mercantour<\/strong>&nbsp;d\u00e9voile des&nbsp;<strong>paysages alpins spectaculaires<\/strong><br><strong>lacs<\/strong>,&nbsp;<strong>vall\u00e9es<\/strong>&nbsp;et&nbsp;<strong>sentiers<\/strong>&nbsp;parmi les&nbsp;<strong>plus beaux du sud de la France<\/strong>.<\/p>\n\n\n\n<p style=\"margin-top:20px;margin-bottom:0px\">Une&nbsp;<strong>destination id\u00e9ale<\/strong>&nbsp;pour&nbsp;<strong>randonner<\/strong>,&nbsp;<strong>respirer la nature<\/strong>&nbsp;et&nbsp;<strong>d\u00e9couvrir la richesse sauvage et pr\u00e9serv\u00e9e<\/strong>&nbsp;de l\u2019arri\u00e8re-pays de la&nbsp;<strong>C\u00f4te d\u2019Azur<\/strong>.<\/p>\n<\/div>\n<\/div>\n<\/div>\n<\/div>\n\n\n\n<div class=\"wp-block-uagb-container page-all-article uagb-block-98f22d89 alignfull uagb-is-root-container\"><div class=\"uagb-container-inner-blocks-wrap\">\n<div class=\"wp-block-uagb-advanced-heading uagb-block-84e03743\"><h3 class=\"uagb-heading-text\">D\u00e9couvrez nos articles<\/h3><\/div>\n\n\n\n<div class=\"wp-block-uagb-buttons uagb-buttons__outer-wrap uagb-btn__default-btn uagb-btn-tablet__default-btn uagb-btn-mobile__default-btn uagb-block-f44affdc\"><div class=\"uagb-buttons__wrap uagb-buttons-layout-wrap \">\n<div class=\"wp-block-uagb-buttons-child uagb-buttons__outer-wrap uagb-block-fe4af2d4 wp-block-button\"><div class=\"uagb-button__wrapper\"><a class=\"uagb-buttons-repeater wp-block-button__link\" aria-label=\"\" href=\"https:\/\/www.casabarbara.com\/nos-article\/\" rel=\"follow noopener\" target=\"_self\" role=\"button\"><div class=\"uagb-button__link\">Voir tous les articles<\/div><span class=\"uagb-button__icon uagb-button__icon-position-after\"><svg xmlns=\"https:\/\/www.w3.org\/2000\/svg\" viewBox=\"0 0 448 512\" aria-hidden=\"true\" focussable=\"false\"><path d=\"M438.6 278.6l-160 160C272.4 444.9 264.2 448 256 448s-16.38-3.125-22.62-9.375c-12.5-12.5-12.5-32.75 0-45.25L338.8 288H32C14.33 288 .0016 273.7 .0016 256S14.33 224 32 224h306.8l-105.4-105.4c-12.5-12.5-12.5-32.75 0-45.25s32.75-12.5 45.25 0l160 160C451.1 245.9 451.1 266.1 438.6 278.6z\"><\/path><\/svg><\/span><\/a><\/div><\/div>\n<\/div><\/div>\n\n\n<div class=\"all-articles\" data-total-posts=\"7\" data-posts-per-page=\"6\"><div class=\"articles-grid d-flex flex-wrap\" id=\"articles-container\"><div class=\"article-card relative w-33 id_134\" data-post-id=\"3510\"><div class=\"category-info\"><span class=\"category-name\">Sant\u00e9 &amp; bien \u00eatre<\/span><\/div><div class=\"image-content-single\" > <a href=\"https:\/\/www.casabarbara.com\/nl\/climat-mediterraneen-arthrite-douleurs-articulaires-seniors\/\"><img loading=\"lazy\" decoding=\"async\" width=\"300\" height=\"200\" src=\"https:\/\/www.casabarbara.com\/wp-content\/uploads\/2026\/01\/dreamstime_xxl_57749866-300x200.jpg\" class=\"attachment-medium size-medium wp-post-image\" alt=\"\" srcset=\"https:\/\/www.casabarbara.com\/wp-content\/uploads\/2026\/01\/dreamstime_xxl_57749866-300x200.jpg 300w, https:\/\/www.casabarbara.com\/wp-content\/uploads\/2026\/01\/dreamstime_xxl_57749866-1024x683.jpg 1024w, https:\/\/www.casabarbara.com\/wp-content\/uploads\/2026\/01\/dreamstime_xxl_57749866-768x512.jpg 768w, https:\/\/www.casabarbara.com\/wp-content\/uploads\/2026\/01\/dreamstime_xxl_57749866-1536x1024.jpg 1536w, https:\/\/www.casabarbara.com\/wp-content\/uploads\/2026\/01\/dreamstime_xxl_57749866-2048x1366.jpg 2048w\" sizes=\"auto, (max-width: 300px) 100vw, 300px\" \/><\/a><\/div><div class=\"detail-article-item\"><h3 class=\"fw-bold\"> <a href=\"https:\/\/www.casabarbara.com\/nl\/climat-mediterraneen-arthrite-douleurs-articulaires-seniors\/\" class=\"f-20\">Arthrite et climat m\u00e9diterran\u00e9en : et si Nice \u00e9tait votre meilleur rhumatologue ?<\/a> <\/h3><span class=\"article-date\">09 apr 2026<\/span><div class=\"description-article\">Le climat de Nice soulage-t-il vraiment les douleurs articulaires ? Soleil, chaleur, vitamine D : ce que dit la science sur l'arthrite et la M\u00e9diterran\u00e9e.<\/div><div class=\"link-single-article\"> <a class=\"voir-plus f-18 fw-bold\" href=\"https:\/\/www.casabarbara.com\/nl\/climat-mediterraneen-arthrite-douleurs-articulaires-seniors\/\"> Voir plus <\/a> <\/div><\/div><\/div><div class=\"article-card relative w-33 id_137\" data-post-id=\"3498\"><div class=\"category-info\"><span class=\"category-name\">Quartiers de Nice<\/span><\/div><div class=\"image-content-single\" > <a href=\"https:\/\/www.casabarbara.com\/nl\/vivre-quartier-saint-roch-nice-senior\/\"><img loading=\"lazy\" decoding=\"async\" width=\"300\" height=\"195\" src=\"https:\/\/www.casabarbara.com\/wp-content\/uploads\/2026\/01\/dreamstime_xxl_429115811-300x195.jpg\" class=\"attachment-medium size-medium wp-post-image\" alt=\"\" srcset=\"https:\/\/www.casabarbara.com\/wp-content\/uploads\/2026\/01\/dreamstime_xxl_429115811-300x195.jpg 300w, https:\/\/www.casabarbara.com\/wp-content\/uploads\/2026\/01\/dreamstime_xxl_429115811-1024x665.jpg 1024w, https:\/\/www.casabarbara.com\/wp-content\/uploads\/2026\/01\/dreamstime_xxl_429115811-768x498.jpg 768w, https:\/\/www.casabarbara.com\/wp-content\/uploads\/2026\/01\/dreamstime_xxl_429115811-1536x997.jpg 1536w, https:\/\/www.casabarbara.com\/wp-content\/uploads\/2026\/01\/dreamstime_xxl_429115811-2048x1329.jpg 2048w\" sizes=\"auto, (max-width: 300px) 100vw, 300px\" \/><\/a><\/div><div class=\"detail-article-item\"><h3 class=\"fw-bold\"> <a href=\"https:\/\/www.casabarbara.com\/nl\/vivre-quartier-saint-roch-nice-senior\/\" class=\"f-20\">Saint-Roch \u00e0 Nice : le quartier o\u00f9 la vie reprend de la vitesse<\/a> <\/h3><span class=\"article-date\">09 apr 2026<\/span><div class=\"description-article\">On vous a peut-\u00eatre vendu la retraite comme un ralentissement. Un repli. Une mise en retrait du monde. C&rsquo;est le contraire qui se passe \u00e0 Saint-Roch. Ce quartier ni\u00e7ois \u2014 authentique, anim\u00e9, vivant \u2014 est l&rsquo;un de ces rares endroits o\u00f9 la vie de quartier n&rsquo;est pas un concept marketing. C&rsquo;est une r\u00e9alit\u00e9 quotidienne. Le [&hellip;]<\/div><div class=\"link-single-article\"> <a class=\"voir-plus f-18 fw-bold\" href=\"https:\/\/www.casabarbara.com\/nl\/vivre-quartier-saint-roch-nice-senior\/\"> Voir plus <\/a> <\/div><\/div><\/div><div class=\"article-card relative w-33 id_137\" data-post-id=\"3462\"><div class=\"category-info\"><span class=\"category-name\">Quartiers de Nice<\/span><\/div><div class=\"image-content-single\" > <a href=\"https:\/\/www.casabarbara.com\/nl\/meilleur-quartier-nice-senior\/\"><img loading=\"lazy\" decoding=\"async\" width=\"300\" height=\"200\" src=\"https:\/\/www.casabarbara.com\/wp-content\/uploads\/2026\/01\/L1151740-300x200.jpg\" class=\"attachment-medium size-medium wp-post-image\" alt=\"Two pink caps with the logo &quot;Casa Barbera&quot; resting on a large rock by the waterfront in Nice. The calm water reflects the shoreline and colorful buildings in the background, highlighting a tranquil scene that invites visitors to explore what to do in Nice.\" srcset=\"https:\/\/www.casabarbara.com\/wp-content\/uploads\/2026\/01\/L1151740-300x200.jpg 300w, https:\/\/www.casabarbara.com\/wp-content\/uploads\/2026\/01\/L1151740-1024x682.jpg 1024w, https:\/\/www.casabarbara.com\/wp-content\/uploads\/2026\/01\/L1151740-768x511.jpg 768w, https:\/\/www.casabarbara.com\/wp-content\/uploads\/2026\/01\/L1151740-1536x1022.jpg 1536w, https:\/\/www.casabarbara.com\/wp-content\/uploads\/2026\/01\/L1151740-2048x1363.jpg 2048w\" sizes=\"auto, (max-width: 300px) 100vw, 300px\" \/><\/a><\/div><div class=\"detail-article-item\"><h3 class=\"fw-bold\"> <a href=\"https:\/\/www.casabarbara.com\/nl\/meilleur-quartier-nice-senior\/\" class=\"f-20\">Meilleur quartier o\u00f9 vivre \u00e0 Nice quand on est senior<\/a> <\/h3><span class=\"article-date\">08 apr 2026<\/span><div class=\"description-article\">Nice, c&rsquo;est dix villes en une. Choisir le bon quartier, c&rsquo;est choisir une qualit\u00e9 de vie \u2014 pas seulement une adresse. On dit souvent \u00ab\u00a0je veux vivre \u00e0 Nice\u00a0\u00bb. Rarement \u00ab\u00a0je veux vivre dans tel quartier de Nice\u00a0\u00bb. Pourtant, la ville est d&rsquo;une diversit\u00e9 saisissante : entre le calme r\u00e9sidentiel de Cimiez, l&rsquo;effervescence du bord [&hellip;]<\/div><div class=\"link-single-article\"> <a class=\"voir-plus f-18 fw-bold\" href=\"https:\/\/www.casabarbara.com\/nl\/meilleur-quartier-nice-senior\/\"> Voir plus <\/a> <\/div><\/div><\/div><div class=\"article-card relative w-33 id_136\" data-post-id=\"3456\"><div class=\"category-info\"><span class=\"category-name\">Bien vieillir activement<\/span><\/div><div class=\"image-content-single\" > <a href=\"https:\/\/www.casabarbara.com\/nl\/rester-socialement-actif-apres-60-ans\/\"><img loading=\"lazy\" decoding=\"async\" width=\"300\" height=\"228\" src=\"https:\/\/www.casabarbara.com\/wp-content\/uploads\/2025\/12\/Un-moment-de-danse-plein-de-vie-dans-une-ambiance-chaleureuse-300x228.jpg\" class=\"attachment-medium size-medium wp-post-image\" alt=\"Un moment de danse plein de vie dans une ambiance chaleureuse.\" srcset=\"https:\/\/www.casabarbara.com\/wp-content\/uploads\/2025\/12\/Un-moment-de-danse-plein-de-vie-dans-une-ambiance-chaleureuse-300x228.jpg 300w, https:\/\/www.casabarbara.com\/wp-content\/uploads\/2025\/12\/Un-moment-de-danse-plein-de-vie-dans-une-ambiance-chaleureuse-1024x779.jpg 1024w, https:\/\/www.casabarbara.com\/wp-content\/uploads\/2025\/12\/Un-moment-de-danse-plein-de-vie-dans-une-ambiance-chaleureuse-768x584.jpg 768w, https:\/\/www.casabarbara.com\/wp-content\/uploads\/2025\/12\/Un-moment-de-danse-plein-de-vie-dans-une-ambiance-chaleureuse-1536x1168.jpg 1536w, https:\/\/www.casabarbara.com\/wp-content\/uploads\/2025\/12\/Un-moment-de-danse-plein-de-vie-dans-une-ambiance-chaleureuse-2048x1557.jpg 2048w\" sizes=\"auto, (max-width: 300px) 100vw, 300px\" \/><\/a><\/div><div class=\"detail-article-item\"><h3 class=\"fw-bold\"> <a href=\"https:\/\/www.casabarbara.com\/nl\/rester-socialement-actif-apres-60-ans\/\" class=\"f-20\">Rester socialement actif apr\u00e8s 60 ans : guide complet<\/a> <\/h3><span class=\"article-date\">08 apr 2026<\/span><div class=\"description-article\">On sous-estime souvent le lien social. Pourtant, il est peut-\u00eatre le facteur de long\u00e9vit\u00e9 le plus puissant qui existe. La retraite marque souvent une rupture nette. Du jour au lendemain, le cadre professionnel \u2014 ses coll\u00e8gues, ses rituels, sa stimulation quotidienne \u2014 dispara\u00eet. Pour beaucoup, c&rsquo;est une lib\u00e9ration. Pour d&rsquo;autres, c&rsquo;est le d\u00e9but d&rsquo;un isolement [&hellip;]<\/div><div class=\"link-single-article\"> <a class=\"voir-plus f-18 fw-bold\" href=\"https:\/\/www.casabarbara.com\/nl\/rester-socialement-actif-apres-60-ans\/\"> Voir plus <\/a> <\/div><\/div><\/div><div class=\"article-card relative w-33 id_135\" data-post-id=\"3452\"><div class=\"category-info\"><span class=\"category-name\">Logement s\u00e9nior<\/span><\/div><div class=\"image-content-single\" > <a href=\"https:\/\/www.casabarbara.com\/nl\/residence-senior-ou-appartement-classique\/\"><img loading=\"lazy\" decoding=\"async\" width=\"300\" height=\"228\" src=\"https:\/\/www.casabarbara.com\/wp-content\/uploads\/2025\/12\/Un-salon-convivial-ou-les-residents-echangent-dans-une-ambiance-paisible-300x228.jpg\" class=\"attachment-medium size-medium wp-post-image\" alt=\"Un salon convivial o\u00f9 les r\u00e9sidents \u00e9changent dans une ambiance paisible.\" srcset=\"https:\/\/www.casabarbara.com\/wp-content\/uploads\/2025\/12\/Un-salon-convivial-ou-les-residents-echangent-dans-une-ambiance-paisible-300x228.jpg 300w, https:\/\/www.casabarbara.com\/wp-content\/uploads\/2025\/12\/Un-salon-convivial-ou-les-residents-echangent-dans-une-ambiance-paisible-1024x779.jpg 1024w, https:\/\/www.casabarbara.com\/wp-content\/uploads\/2025\/12\/Un-salon-convivial-ou-les-residents-echangent-dans-une-ambiance-paisible-768x584.jpg 768w, https:\/\/www.casabarbara.com\/wp-content\/uploads\/2025\/12\/Un-salon-convivial-ou-les-residents-echangent-dans-une-ambiance-paisible-1536x1168.jpg 1536w, https:\/\/www.casabarbara.com\/wp-content\/uploads\/2025\/12\/Un-salon-convivial-ou-les-residents-echangent-dans-une-ambiance-paisible-2048x1557.jpg 2048w\" sizes=\"auto, (max-width: 300px) 100vw, 300px\" \/><\/a><\/div><div class=\"detail-article-item\"><h3 class=\"fw-bold\"> <a href=\"https:\/\/www.casabarbara.com\/nl\/residence-senior-ou-appartement-classique\/\" class=\"f-20\">R\u00e9sidence senior ou appartement classique : comment choisir ?<\/a> <\/h3><span class=\"article-date\">08 apr 2026<\/span><div class=\"description-article\">Et si la vraie question n&rsquo;\u00e9tait pas \u00ab\u00a0o\u00f9 vivre ?\u00a0\u00bb, mais \u00ab\u00a0comment voulez-vous vivre ?\u00a0\u00bb Beaucoup de seniors abordent ce choix \u00e0 reculons, comme une concession \u00e0 l&rsquo;\u00e2ge. On les comprend. Un appartement \u00e0 soi, c&rsquo;est une vie enti\u00e8re : des habitudes, des souvenirs, une libert\u00e9 qu&rsquo;on ne veut pas sacrifier. Mais la question m\u00e9rite [&hellip;]<\/div><div class=\"link-single-article\"> <a class=\"voir-plus f-18 fw-bold\" href=\"https:\/\/www.casabarbara.com\/nl\/residence-senior-ou-appartement-classique\/\"> Voir plus <\/a> <\/div><\/div><\/div><div class=\"article-card relative w-33 id_134\" data-post-id=\"2950\"><div class=\"category-info\"><span class=\"category-name\">Sant\u00e9 &amp; bien \u00eatre<\/span><\/div><div class=\"image-content-single\" > <a href=\"https:\/\/www.casabarbara.com\/nl\/climat-mediterraneen-sante-seniors\/\"><img loading=\"lazy\" decoding=\"async\" width=\"298\" height=\"300\" src=\"https:\/\/www.casabarbara.com\/wp-content\/uploads\/2025\/11\/Image-16-298x300.jpg\" class=\"attachment-medium size-medium wp-post-image\" alt=\"Deux personnes \u00e2g\u00e9es assises sur un banc ensoleill\u00e9 \u00e0 Nice, ambiance d\u00e9tente.\" srcset=\"https:\/\/www.casabarbara.com\/wp-content\/uploads\/2025\/11\/Image-16-298x300.jpg 298w, https:\/\/www.casabarbara.com\/wp-content\/uploads\/2025\/11\/Image-16-1019x1024.jpg 1019w, https:\/\/www.casabarbara.com\/wp-content\/uploads\/2025\/11\/Image-16-150x150.jpg 150w, https:\/\/www.casabarbara.com\/wp-content\/uploads\/2025\/11\/Image-16-768x772.jpg 768w, https:\/\/www.casabarbara.com\/wp-content\/uploads\/2025\/11\/Image-16.jpg 1500w\" sizes=\"auto, (max-width: 298px) 100vw, 298px\" \/><\/a><\/div><div class=\"detail-article-item\"><h3 class=\"fw-bold\"> <a href=\"https:\/\/www.casabarbara.com\/nl\/climat-mediterraneen-sante-seniors\/\" class=\"f-20\">Les bienfaits du climat m\u00e9diterran\u00e9en sur la sant\u00e9 des seniors<\/a> <\/h3><span class=\"article-date\">18 mrt 2026<\/span><div class=\"description-article\">Vitamine D, air marin, moral, mobilit\u00e9\u2026 D\u00e9couvrez comment le climat m\u00e9diterran\u00e9en agit concr\u00e8tement sur la sant\u00e9 et le bien-\u00eatre des seniors. Le guide Casa Barbara.<\/div><div class=\"link-single-article\"> <a class=\"voir-plus f-18 fw-bold\" href=\"https:\/\/www.casabarbara.com\/nl\/climat-mediterraneen-sante-seniors\/\"> Voir plus <\/a> <\/div><\/div><\/div><\/div><div class=\"load-more-container text-center\"><button id=\"load-more-articles\" class=\"load-more-btn\" data-page=\"2\" data-loaded-posts='[3510,3498,3462,3456,3452,2950]'>Voir plus<\/button><\/div><div id=\"loading-spinner\" style=\"display:none; text-align:center;\"><div class=\"spinner\"><\/div><\/div><\/div>\n<\/div><\/div>\n\n\n\n<div class=\"wp-block-uagb-container uagb-block-4c7dd400 alignfull uagb-is-root-container\">\n<div class=\"wp-block-uagb-container uagb-block-12e8e28f alignfull uagb-is-root-container\"><div class=\"uagb-container-inner-blocks-wrap\">\n<div class=\"wp-block-uagb-advanced-heading uagb-block-adc94d9f\"><h3 class=\"uagb-heading-text\"><strong>FAQs G\u00e9n\u00e9rales<\/strong><\/h3><\/div>\n\n\n\n<div class=\"wp-block-uagb-container faq-bloc-custom uagb-block-8b228c49 alignfull uagb-is-root-container\">\n<div class=\"wp-block-kadence-accordion alignnone\"><div class=\"kt-accordion-wrap kt-accordion-id728_978b0f-de kt-accordion-has-42-panes kt-active-pane-0 kt-accordion-block kt-pane-header-alignment-left kt-accodion-icon-style-arrow kt-accodion-icon-side-right\" style=\"max-width:none\"><div class=\"kt-accordion-inner-wrap\" data-allow-multiple-open=\"false\" data-start-open=\"none\">\n<div class=\"wp-block-kadence-pane kt-accordion-pane kt-accordion-pane-1 kt-pane728_638629-f8\"><h3 class=\"kt-accordion-header-wrap\"><button class=\"kt-blocks-accordion-header kt-acccordion-button-label-show\" type=\"button\"><span class=\"kt-blocks-accordion-title-wrap\"><span class=\"kt-blocks-accordion-title\"><strong>La restauration est-elle comprise dans le loyer ?<\/strong><\/span><\/span><span class=\"kt-blocks-accordion-icon-trigger\"><\/span><\/button><\/h3><div class=\"kt-accordion-panel kt-accordion-panel-hidden\"><div class=\"kt-accordion-panel-inner\">\n<p class=\"has-comme-font-family\" style=\"margin-top:0px;margin-right:25px;margin-bottom:15px;margin-left:25px;font-size:clamp(15.747px, 0.984rem + ((1vw - 3.2px) * 0.809), 24px);\">Non, la restauration n&rsquo;est pas incluse dans le loyer. Vous restez libre de cuisiner chez vous ou de d\u00e9jeuner et d\u00eener \u00e0 la carte au restaurant de la Casa, avec des menus sign\u00e9s Pierre Gagnaire. Cela dit, les repas au restaurant sont bien plus qu&rsquo;un simple service : c&rsquo;est un moment de partage et de convivialit\u00e9, au c\u0153ur de l&rsquo;esprit Casa Barbara.<\/p>\n<\/div><\/div><\/div>\n\n\n\n<div class=\"wp-block-kadence-pane kt-accordion-pane kt-accordion-pane-27 kt-pane728_fa6866-1a\"><h3 class=\"kt-accordion-header-wrap\"><button class=\"kt-blocks-accordion-header kt-acccordion-button-label-show\" type=\"button\"><span class=\"kt-blocks-accordion-title-wrap\"><span class=\"kt-blocks-accordion-title\"><strong><strong>Suis-je oblig\u00e9(e) de manger au restaurant Le Barbara ?<\/strong><\/strong><\/span><\/span><span class=\"kt-blocks-accordion-icon-trigger\"><\/span><\/button><\/h3><div class=\"kt-accordion-panel kt-accordion-panel-hidden\"><div class=\"kt-accordion-panel-inner\">\n<p class=\"has-comme-font-family\" style=\"margin-top:0px;margin-right:25px;margin-bottom:15px;margin-left:25px;font-size:clamp(15.747px, 0.984rem + ((1vw - 3.2px) * 0.809), 24px);\">Non, rien n&rsquo;est obligatoire. Chaque appartement dispose d&rsquo;une cuisine \u00e9quip\u00e9e pour pr\u00e9parer vos repas. Le restaurant est une option appr\u00e9ci\u00e9e pour rompre la solitude, cr\u00e9er du lien et profiter d&rsquo;une cuisine de qualit\u00e9 sans avoir \u00e0 s&rsquo;en occuper, mais c&rsquo;est vous qui choisissez.<\/p>\n<\/div><\/div><\/div>\n\n\n\n<div class=\"wp-block-kadence-pane kt-accordion-pane kt-accordion-pane-28 kt-pane728_fdfa61-22\"><h3 class=\"kt-accordion-header-wrap\"><button class=\"kt-blocks-accordion-header kt-acccordion-button-label-show\" type=\"button\"><span class=\"kt-blocks-accordion-title-wrap\"><span class=\"kt-blocks-accordion-title\"><strong><strong>Puis-je inviter des amis ou de la famille au restaurant ?<\/strong><\/strong><\/span><\/span><span class=\"kt-blocks-accordion-icon-trigger\"><\/span><\/button><\/h3><div class=\"kt-accordion-panel kt-accordion-panel-hidden\"><div class=\"kt-accordion-panel-inner\">\n<p class=\"has-comme-font-family\" style=\"margin-top:0px;margin-right:25px;margin-bottom:15px;margin-left:25px;font-size:clamp(15.747px, 0.984rem + ((1vw - 3.2px) * 0.809), 24px);\">Oui, bien s\u00fbr. Vos proches sont les bienvenus au restaurant Le Barbara qui est ouvert \u00e0 toutes et \u00e0 tous. C&rsquo;est d&rsquo;ailleurs l&rsquo;occasion id\u00e9ale de leur faire d\u00e9couvrir votre nouveau cadre de vie autour d&rsquo;un bon repas.<\/p>\n<\/div><\/div><\/div>\n\n\n\n<div class=\"wp-block-kadence-pane kt-accordion-pane kt-accordion-pane-29 kt-pane728_49ce95-2c\"><h3 class=\"kt-accordion-header-wrap\"><button class=\"kt-blocks-accordion-header kt-acccordion-button-label-show\" type=\"button\"><span class=\"kt-blocks-accordion-title-wrap\"><span class=\"kt-blocks-accordion-title\"><strong><strong>Les animaux de compagnie sont-ils accept\u00e9s ?<\/strong><\/strong><\/span><\/span><span class=\"kt-blocks-accordion-icon-trigger\"><\/span><\/button><\/h3><div class=\"kt-accordion-panel kt-accordion-panel-hidden\"><div class=\"kt-accordion-panel-inner\">\n<p class=\"has-comme-font-family\" style=\"margin-top:0px;margin-right:25px;margin-bottom:15px;margin-left:25px;font-size:clamp(15.747px, 0.984rem + ((1vw - 3.2px) * 0.809), 24px);\">Oui, les animaux de compagnie sont les bienvenus \u00e0 Casa Barbara. Nous savons combien ils comptent pour vous.<\/p>\n<\/div><\/div><\/div>\n\n\n\n<div class=\"wp-block-kadence-pane kt-accordion-pane kt-accordion-pane-30 kt-pane728_11cd4f-27\"><h3 class=\"kt-accordion-header-wrap\"><button class=\"kt-blocks-accordion-header kt-acccordion-button-label-show\" type=\"button\"><span class=\"kt-blocks-accordion-title-wrap\"><span class=\"kt-blocks-accordion-title\"><strong><strong>Y a-t-il une taxe d&rsquo;habitation \u00e0 payer ?<\/strong><\/strong><\/span><\/span><span class=\"kt-blocks-accordion-icon-trigger\"><\/span><\/button><\/h3><div class=\"kt-accordion-panel kt-accordion-panel-hidden\"><div class=\"kt-accordion-panel-inner\">\n<p class=\"has-comme-font-family\" style=\"margin-top:0px;margin-right:25px;margin-bottom:15px;margin-left:25px;font-size:clamp(15.747px, 0.984rem + ((1vw - 3.2px) * 0.809), 24px);\">Non, il n&rsquo;y a pas de taxe d&rsquo;habitation \u00e0 Casa Barbara.<\/p>\n<\/div><\/div><\/div>\n\n\n\n<div class=\"wp-block-kadence-pane kt-accordion-pane kt-accordion-pane-36 kt-pane728_564382-90\"><h3 class=\"kt-accordion-header-wrap\"><button class=\"kt-blocks-accordion-header kt-acccordion-button-label-show\" type=\"button\"><span class=\"kt-blocks-accordion-title-wrap\"><span class=\"kt-blocks-accordion-title\"><strong><strong>L&rsquo;assurance habitation est-elle incluse dans le loyer ?<\/strong><\/strong><\/span><\/span><span class=\"kt-blocks-accordion-icon-trigger\"><\/span><\/button><\/h3><div class=\"kt-accordion-panel kt-accordion-panel-hidden\"><div class=\"kt-accordion-panel-inner\">\n<p class=\"has-comme-font-family\" style=\"margin-top:0px;margin-right:25px;margin-bottom:15px;margin-left:25px;font-size:clamp(15.747px, 0.984rem + ((1vw - 3.2px) * 0.809), 24px);\">Non, l&rsquo;assurance habitation reste \u00e0 votre charge, comme pour toute location classique. Nous pouvons vous orienter vers des assureurs si besoin.<\/p>\n<\/div><\/div><\/div>\n\n\n\n<div class=\"wp-block-kadence-pane kt-accordion-pane kt-accordion-pane-37 kt-pane728_ba6edf-94\"><h3 class=\"kt-accordion-header-wrap\"><button class=\"kt-blocks-accordion-header kt-acccordion-button-label-show\" type=\"button\"><span class=\"kt-blocks-accordion-title-wrap\"><span class=\"kt-blocks-accordion-title\"><strong><strong>Le m\u00e9nage est-il compris dans le loyer ?<\/strong><\/strong><\/span><\/span><span class=\"kt-blocks-accordion-icon-trigger\"><\/span><\/button><\/h3><div class=\"kt-accordion-panel kt-accordion-panel-hidden\"><div class=\"kt-accordion-panel-inner\">\n<p class=\"has-comme-font-family\" style=\"margin-top:0px;margin-right:25px;margin-bottom:15px;margin-left:25px;font-size:clamp(15.747px, 0.984rem + ((1vw - 3.2px) * 0.809), 24px);\">Non, le m\u00e9nage n&rsquo;est pas inclus dans le loyer de base. En revanche, nous proposons des formules adapt\u00e9es pour le m\u00e9nage r\u00e9gulier et la prise en charge du linge. Vous pouvez \u00e9galement faire appel \u00e0 votre propre aide-m\u00e9nag\u00e8re, \u00e0 condition qu&rsquo;elle soit d\u00e9clar\u00e9e.<\/p>\n<\/div><\/div><\/div>\n\n\n\n<div class=\"wp-block-kadence-pane kt-accordion-pane kt-accordion-pane-38 kt-pane728_4e65e4-3f\"><h3 class=\"kt-accordion-header-wrap\"><button class=\"kt-blocks-accordion-header kt-acccordion-button-label-show\" type=\"button\"><span class=\"kt-blocks-accordion-title-wrap\"><span class=\"kt-blocks-accordion-title\"><strong><strong>Puis-je h\u00e9berger des amis ou de la famille dans mon appartement ?<\/strong><\/strong><\/span><\/span><span class=\"kt-blocks-accordion-icon-trigger\"><\/span><\/button><\/h3><div class=\"kt-accordion-panel kt-accordion-panel-hidden\"><div class=\"kt-accordion-panel-inner\">\n<p class=\"has-comme-font-family\" style=\"margin-top:0px;margin-right:25px;margin-bottom:15px;margin-left:25px;font-size:clamp(15.747px, 0.984rem + ((1vw - 3.2px) * 0.809), 24px);\">Oui, c&rsquo;est votre chez-vous. Vous \u00eates libre de recevoir vos proches et de les h\u00e9berger comme dans n&rsquo;importe quel appartement.<\/p>\n<\/div><\/div><\/div>\n\n\n\n<div class=\"wp-block-kadence-pane kt-accordion-pane kt-accordion-pane-39 kt-pane728_6045a2-ce\"><h3 class=\"kt-accordion-header-wrap\"><button class=\"kt-blocks-accordion-header kt-acccordion-button-label-show\" type=\"button\"><span class=\"kt-blocks-accordion-title-wrap\"><span class=\"kt-blocks-accordion-title\"><strong><strong>Que se passe-t-il si ma sant\u00e9 se d\u00e9grade ?<\/strong><\/strong><\/span><\/span><span class=\"kt-blocks-accordion-icon-trigger\"><\/span><\/button><\/h3><div class=\"kt-accordion-panel kt-accordion-panel-hidden\"><div class=\"kt-accordion-panel-inner\">\n<p class=\"has-comme-font-family\" style=\"margin-top:0px;margin-right:25px;margin-bottom:15px;margin-left:25px;font-size:clamp(15.747px, 0.984rem + ((1vw - 3.2px) * 0.809), 24px);\">Casa Barbara est une r\u00e9sidence pour seniors autonomes et n\u2019est pas m\u00e9dicalis\u00e9. Si votre \u00e9tat de sant\u00e9 \u00e9volue et n\u00e9cessite un accompagnement m\u00e9dical plus important, nous vous accompagnons dans la recherche d&rsquo;une structure adapt\u00e9e, en lien avec votre famille.<\/p>\n<\/div><\/div><\/div>\n\n\n\n<div class=\"wp-block-kadence-pane kt-accordion-pane kt-accordion-pane-40 kt-pane728_771dfc-5e\"><h3 class=\"kt-accordion-header-wrap\"><button class=\"kt-blocks-accordion-header kt-acccordion-button-label-show\" type=\"button\"><span class=\"kt-blocks-accordion-title-wrap\"><span class=\"kt-blocks-accordion-title\"><strong><strong>Puis-je apporter mes propres meuble<\/strong><\/strong><\/span><\/span><span class=\"kt-blocks-accordion-icon-trigger\"><\/span><\/button><\/h3><div class=\"kt-accordion-panel kt-accordion-panel-hidden\"><div class=\"kt-accordion-panel-inner\">\n<p class=\"has-comme-font-family\" style=\"margin-top:0px;margin-right:25px;margin-bottom:15px;margin-left:25px;font-size:clamp(15.747px, 0.984rem + ((1vw - 3.2px) * 0.809), 24px);\">C&rsquo;est possible, mais l&rsquo;appartement est livr\u00e9 enti\u00e8rement meubl\u00e9 et \u00e9quip\u00e9. Si vous souhaitez installer certains de vos meubles, il vous revient de stocker le mobilier que nous mettons \u00e0 disposition. Nous en discutons ensemble lors de la visite.<\/p>\n<\/div><\/div><\/div>\n\n\n\n<div class=\"wp-block-kadence-pane kt-accordion-pane kt-accordion-pane-41 kt-pane728_ee7506-28\"><h3 class=\"kt-accordion-header-wrap\"><button class=\"kt-blocks-accordion-header kt-acccordion-button-label-show\" type=\"button\"><span class=\"kt-blocks-accordion-title-wrap\"><span class=\"kt-blocks-accordion-title\"><strong><strong>Puis-je partir en vacances quand je veux ?<\/strong><\/strong><\/span><\/span><span class=\"kt-blocks-accordion-icon-trigger\"><\/span><\/button><\/h3><div class=\"kt-accordion-panel kt-accordion-panel-hidden\"><div class=\"kt-accordion-panel-inner\">\n<p class=\"has-comme-font-family\" style=\"margin-top:0px;margin-right:25px;margin-bottom:15px;margin-left:25px;font-size:clamp(15.747px, 0.984rem + ((1vw - 3.2px) * 0.809), 24px);\">Bien s\u00fbr. Vous \u00eates chez vous et totalement libre de vos all\u00e9es et venues. Le loyer reste d\u00fb pendant vos absences, comme pour toute location.<\/p>\n<\/div><\/div><\/div>\n\n\n\n<div class=\"wp-block-kadence-pane kt-accordion-pane kt-accordion-pane-42 kt-pane728_9536d7-60\"><h3 class=\"kt-accordion-header-wrap\"><button class=\"kt-blocks-accordion-header kt-acccordion-button-label-show\" type=\"button\"><span class=\"kt-blocks-accordion-title-wrap\"><span class=\"kt-blocks-accordion-title\"><strong><strong>Proposez-vous une aide pour les d\u00e9marches administratives ?<\/strong><\/strong><\/span><\/span><span class=\"kt-blocks-accordion-icon-trigger\"><\/span><\/button><\/h3><div class=\"kt-accordion-panel kt-accordion-panel-hidden\"><div class=\"kt-accordion-panel-inner\">\n<p class=\"has-comme-font-family\" style=\"margin-top:0px;margin-right:25px;margin-bottom:15px;margin-left:25px;font-size:clamp(15.747px, 0.984rem + ((1vw - 3.2px) * 0.809), 24px);\">Oui. Nous organisons r\u00e9guli\u00e8rement des ateliers d&rsquo;accompagnement aux d\u00e9marches administratives et nous avons des intervenants sp\u00e9cialis\u00e9s qui peuvent vous aider. Notre conciergerie peut \u00e9galement prendre vos rendez-vous et g\u00e9rer votre courrier.<\/p>\n<\/div><\/div><\/div>\n<\/div><\/div><\/div>\n<\/div>\n<\/div><\/div>\n<\/div>\n\n\n\n<div class=\"wp-block-uagb-container uagb-block-bd07d0ae alignfull uagb-is-root-container\">\n<div class=\"wp-block-uagb-container uagb-block-eaf4eae7 alignfull uagb-is-root-container\">\n<div class=\"wp-block-columns is-layout-flex wp-container-core-columns-is-layout-f5991b6b wp-block-columns-is-layout-flex\" style=\"margin-top:0px;margin-bottom:0px;padding-top:0px;padding-right:0px;padding-bottom:0px;padding-left:0px\">\n<div class=\"wp-block-column is-layout-flow wp-block-column-is-layout-flow\"><\/div>\n\n\n\n<div class=\"wp-block-column is-layout-flow wp-block-column-is-layout-flow\"><\/div>\n\n\n\n<div class=\"wp-block-column is-layout-flow wp-block-column-is-layout-flow\"><\/div>\n<\/div>\n<\/div>\n<\/div>\n","protected":false},"excerpt":{"rendered":"<p>NICE ET SES ALENTOURS D\u00e9COUVREZ NICE Avec ses&nbsp;300 jours de soleil par an, la&nbsp;mer \u00e0 quelques minutes&nbsp;et la&nbsp;vieille ville accessible en seulement huit minutes en tramway, qui s\u2019arr\u00eate&nbsp;devant notre porte,&nbsp;Nice&nbsp;offre un&nbsp;cadre de vie exceptionnel&nbsp;pour&nbsp;savourer pleinement chaque journ\u00e9e. Mus\u00e9es,&nbsp;march\u00e9s,&nbsp;promenades,&nbsp;restaurants,&nbsp;jardinsNice&nbsp;est une&nbsp;ville douce, culturelle et facile \u00e0 vivre, id\u00e9ale pour les&nbsp;seniors amoureux de la vie&nbsp;qui aiment&nbsp;sortir,&nbsp;d\u00e9couvrir&nbsp;et&nbsp;fl\u00e2ner. Explorez Nice [&hellip;]<\/p>\n","protected":false},"author":1,"featured_media":0,"parent":0,"menu_order":0,"comment_status":"closed","ping_status":"closed","template":"","meta":{"_uag_custom_page_level_css":"","footnotes":""},"class_list":["post-728","page","type-page","status-publish","hentry"],"uagb_featured_image_src":{"full":false,"thumbnail":false,"medium":false,"medium_large":false,"large":false,"1536x1536":false,"2048x2048":false,"trp-custom-language-flag":false},"uagb_author_info":{"display_name":"technique@celaneo.com","author_link":"https:\/\/www.casabarbara.com\/nl\/author\/techniquecelaneo-com\/"},"uagb_comment_info":0,"uagb_excerpt":"NICE ET SES ALENTOURS D\u00e9COUVREZ NICE Avec ses&nbsp;300 jours de soleil par an, la&nbsp;mer \u00e0 quelques minutes&nbsp;et la&nbsp;vieille ville accessible en seulement huit minutes en tramway, qui s\u2019arr\u00eate&nbsp;devant notre porte,&nbsp;Nice&nbsp;offre un&nbsp;cadre de vie exceptionnel&nbsp;pour&nbsp;savourer pleinement chaque journ\u00e9e. Mus\u00e9es,&nbsp;march\u00e9s,&nbsp;promenades,&nbsp;restaurants,&nbsp;jardinsNice&nbsp;est une&nbsp;ville douce, culturelle et facile \u00e0 vivre, id\u00e9ale pour les&nbsp;seniors amoureux de la vie&nbsp;qui aiment&nbsp;sortir,&nbsp;d\u00e9couvrir&nbsp;et&nbsp;fl\u00e2ner. Explorez Nice&hellip;","_links":{"self":[{"href":"https:\/\/www.casabarbara.com\/nl\/wp-json\/wp\/v2\/pages\/728","targetHints":{"allow":["GET"]}}],"collection":[{"href":"https:\/\/www.casabarbara.com\/nl\/wp-json\/wp\/v2\/pages"}],"about":[{"href":"https:\/\/www.casabarbara.com\/nl\/wp-json\/wp\/v2\/types\/page"}],"author":[{"embeddable":true,"href":"https:\/\/www.casabarbara.com\/nl\/wp-json\/wp\/v2\/users\/1"}],"replies":[{"embeddable":true,"href":"https:\/\/www.casabarbara.com\/nl\/wp-json\/wp\/v2\/comments?post=728"}],"version-history":[{"count":114,"href":"https:\/\/www.casabarbara.com\/nl\/wp-json\/wp\/v2\/pages\/728\/revisions"}],"predecessor-version":[{"id":3866,"href":"https:\/\/www.casabarbara.com\/nl\/wp-json\/wp\/v2\/pages\/728\/revisions\/3866"}],"wp:attachment":[{"href":"https:\/\/www.casabarbara.com\/nl\/wp-json\/wp\/v2\/media?parent=728"}],"curies":[{"name":"wp","href":"https:\/\/api.w.org\/{rel}","templated":true}]}}